{"id":3380,"date":"2025-04-14T12:32:31","date_gmt":"2025-04-14T16:32:31","guid":{"rendered":"https:\/\/unitedwaysem.org\/?post_type=equity&#038;p=3380"},"modified":"2025-04-17T11:46:31","modified_gmt":"2025-04-17T15:46:31","slug":"2022-day-15","status":"publish","type":"equity","link":"https:\/\/unitedwaysem.org\/es\/equity-challenge-days\/2022-day-15\/","title":{"rendered":"D\u00eda 15: La equidad LBGTQIA+ y el poder de sus historias"},"template":"","class_list":["post-3380","equity","type-equity","status-publish","hentry","equity-year-273"],"acf":{"details":{"equity_year":273,"day_number":15,"availability_date":"20220609"},"page_layout":[{"acf_fc_layout":"layout_quote_hero","_acfe_flexible_toggle":"","component_quote_hero":{"kicker_text":"2022 Equity Challenge","heading":"LBGTQIA+ Equity","summary":"The Power in Our Stories","cta":"","quote":"Hearing a story is an opportunity for you, the listener, to show up more fully in your humanity because what you do with it makes you an agent of change.\"","attribution":"Piper Anderson","source":" Mass Story Lab "}},{"acf_fc_layout":"layout_wysiwyg","_acfe_flexible_toggle":"","component_wysiwyg":{"content":"<!-- wp:paragraph -->\r\n\r\nSeg\u00fan<a href=\"https:\/\/www.verywellmind.com\/what-does-lgbtq-mean-5069804\" target=\"_blank\" rel=\"noreferrer noopener\"> Muy bien, mente<\/a> y el <a href=\"https:\/\/www.hrc.org\/resources\/glossary-of-terms\" target=\"_blank\" rel=\"noreferrer noopener\">Campa\u00f1a por los Derechos Humanos<\/a>, \", LGBTQIA+ son las siglas en ingl\u00e9s para lesbiana, gay, bisexual, transg\u00e9nero, queer (o a veces cuestion\u00e1ndose), intersexual y asexual. El \"m\u00e1s\" representa las orientaciones sexuales e identidades de g\u00e9nero ilimitadas utilizadas por miembros de la comunidad LGBTQIA+.\".\r\n\r\n<!-- \/wp:paragraph --> <!-- wp:paragraph -->\r\n\r\nEl t\u00e9rmino LGBTQIA+ ha ido evolucionando para representar mejor la diversidad de la comunidad. En la d\u00e9cada de 1990, los activistas lesbianas, gays y bisexuales comenzaron a utilizar las siglas LGB y LGBT.\r\n\r\n<!-- \/wp:paragraph --> <!-- wp:paragraph -->\r\n\r\nHoy, adoptaremos un enfoque narrativo para leer, escuchar y ver historias de personas pertenecientes a la comunidad LGBTQIA+. Antes de comenzar con la parte narrativa, dedique unos minutos a repasar las definiciones compartidas de LGBTQIA+.\r\n\r\n<!-- \/wp:paragraph --> <!-- wp:paragraph -->\r\n\r\nEl <a href=\"https:\/\/www.hrc.org\/resources\/glossary-of-terms\" target=\"_blank\" rel=\"noreferrer noopener\">Campa\u00f1a por los Derechos Humanos<\/a> define cada letra dentro de LGBTQIA+ de la siguiente manera:\r\n\r\n<!-- \/wp:paragraph --> <!-- wp:paragraph -->\r\n\r\n<strong>L - Lesbiana<\/strong> | Mujer que se siente atra\u00edda emocional, rom\u00e1ntica o sexualmente por otras mujeres. Las mujeres y las personas no binarias pueden utilizar este t\u00e9rmino para describirse a s\u00ed mismas.\r\n\r\n<!-- \/wp:paragraph --> <!-- wp:paragraph -->\r\n\r\n<strong>G - Gay<\/strong> El t\u00e9rmino \u00abgay\u00bb se ha asociado a menudo con los hombres. Sin embargo, el uso del t\u00e9rmino \u00abgay\u00bb puede referirse a una persona que se siente atra\u00edda emocional, rom\u00e1ntica o sexualmente por miembros de su mismo g\u00e9nero. Hombres, mujeres y personas no binarias pueden utilizar este t\u00e9rmino para describirse a s\u00ed mismos.\r\n\r\n<!-- \/wp:paragraph --> <!-- wp:paragraph -->\r\n\r\n<strong>B \u2013 Bisexual (bi)<\/strong> Persona que siente atracci\u00f3n emocional, rom\u00e1ntica o sexual por m\u00e1s de un sexo, g\u00e9nero o identidad de g\u00e9nero, aunque no necesariamente de forma simult\u00e1nea, de la misma manera o en el mismo grado. A veces se utiliza indistintamente con \u00abpansexual\u00bb. <a href=\"https:\/\/www.verywellmind.com\/what-does-lgbtq-mean-5069804\" target=\"_blank\" rel=\"noreferrer noopener\">El reconocimiento de las personas bisexuales es importante.<\/a>, ya que ha habido \u00e9pocas en las que las personas que se identifican como bisexuales han sido malinterpretadas como homosexuales.\r\n\r\n<!-- \/wp:paragraph --> <!-- wp:paragraph -->\r\n\r\n<strong>T - Transg\u00e9nero<\/strong> T\u00e9rmino gen\u00e9rico que incluye tanto identidades binarias como no binarias, para personas cuya identidad y\/o expresi\u00f3n de g\u00e9nero difiere de las expectativas culturales basadas en el sexo que se les asign\u00f3 al nacer. Ser transg\u00e9nero no implica ninguna orientaci\u00f3n sexual espec\u00edfica. Por lo tanto, las personas transg\u00e9nero pueden identificarse como heterosexuales, gays, lesbianas, bisexuales, etc.\r\n\r\n<!-- \/wp:paragraph --> <!-- wp:paragraph -->\r\n\r\n<strong>Q- Queer<\/strong> | T\u00e9rmino que se utiliza a menudo para expresar un espectro de identidades y orientaciones que se oponen a la corriente dominante. Queer se utiliza a menudo como un t\u00e9rmino gen\u00e9rico para incluir a muchas personas, incluidas aquellas que no se identifican exclusivamente como heterosexuales y\/o aquellas que tienen identidades no binarias o de g\u00e9nero expansivo. Este t\u00e9rmino se utilizaba anteriormente como un insulto, pero ha sido recuperado por muchos sectores de la comunidad LGBTQIA+.\r\n\r\n<!-- \/wp:paragraph --> <!-- wp:paragraph -->\r\n\r\n<strong>Q- Cuestionar<\/strong> | T\u00e9rmino utilizado para describir a las personas que est\u00e1n en proceso de explorar su orientaci\u00f3n sexual o identidad de g\u00e9nero.\r\n\r\n<!-- \/wp:paragraph --> <!-- wp:paragraph -->\r\n\r\n<strong>Intersexual<\/strong> Las personas intersexuales nacen con diversas diferencias en sus rasgos sexuales y anatom\u00eda reproductiva. Existe una gran variedad de diferencias entre las variaciones intersexuales, incluyendo diferencias en los genitales, cromosomas, g\u00f3nadas, \u00f3rganos sexuales internos, producci\u00f3n hormonal, respuesta hormonal y\/o rasgos sexuales secundarios.\r\n\r\n<!-- \/wp:paragraph --> <!-- wp:paragraph -->\r\n\r\n<strong>A - Asexual<\/strong> A menudo denominado \u201casexual\u201d para abreviar, el t\u00e9rmino \u00abasexual\u00bb se refiere a la ausencia total o parcial de atracci\u00f3n sexual o de inter\u00e9s en la actividad sexual con otras personas. La asexualidad existe en un espectro, y las personas asexuales pueden experimentar una atracci\u00f3n sexual nula, escasa o condicional.\r\n\r\n<!-- \/wp:paragraph --> <!-- wp:paragraph -->\r\n\r\n<strong>M\u00e1s<\/strong> El signo m\u00e1s se utiliza para reconocer las orientaciones sexuales e identidades de g\u00e9nero ilimitadas que utilizan los miembros de nuestra comunidad, como Two-Spirit, una identidad panind\u00edgena americana, y pansexual, alguien que se siente atra\u00eddo, ya sea emocionalmente, f\u00edsicamente o ambas cosas, por todos los g\u00e9neros.\r\n\r\n<!-- \/wp:paragraph --> <!-- wp:paragraph -->\r\n\r\nNuestras historias nos permiten ver la rica diversidad de la experiencia humana, incluso entre personas que forman parte del mismo grupo identitario. Mientras revisa algunas de las historias que se presentan a continuaci\u00f3n, t\u00f3mese el tiempo para observar en qu\u00e9 se parecen y en qu\u00e9 se diferencian.\r\n\r\n<!-- \/wp:paragraph --> <!-- wp:paragraph -->\r\n\r\n<strong>Voces lesbianas:\r\n<\/strong>Glenda Elliott creci\u00f3 en Mayfield, Georgia, durante la d\u00e9cada de 1940. All\u00ed conoci\u00f3 al amor de su vida, una mujer llamada Lauree. Glenda se sent\u00f3 con su amiga para contarle la historia de un romance que dur\u00f3 toda una vida, pero que nunca tuvo la oportunidad de florecer. Historia visual. <a href=\"https:\/\/www.youtube.com\/watch?v=yXtqkXODzfg\" target=\"_blank\" rel=\"noreferrer noopener\">aqu\u00ed<\/a>; transcripci\u00f3n <a href=\"https:\/\/storycorps.org\/stories\/angela-stowe-and-glenda-elliott-150918\/\" target=\"_blank\" rel=\"noreferrer noopener\">aqu\u00ed<\/a> (3 minutos).\r\n\r\n<!-- \/wp:paragraph --> <!-- wp:paragraph -->\r\n\r\n<strong>Voces gay:\r\n<\/strong>David Wilson y Robert Compton, una de las primeras parejas del mismo sexo en casarse en Estados Unidos, reflexionan sobre su trayectoria, casi 15 a\u00f1os despu\u00e9s de su hist\u00f3rica boda. Podcast y transcripci\u00f3n. <a href=\"https:\/\/storycorps.org\/stories\/how-one-of-the-first-legally-married-same-sex-couples-in-the-us-made-it-down-the-aisle\/\" target=\"_blank\" rel=\"noreferrer noopener\">aqu\u00ed<\/a> (4 minutos).\r\n\r\n<!-- \/wp:paragraph --> <!-- wp:paragraph -->\r\n\r\n<strong>Voces bisexuales:\r\n<\/strong>Vea un proyecto de GLAAD en el que <a href=\"https:\/\/www.youtube.com\/watch?v=-3oz9sITFeg\" target=\"_blank\" rel=\"noreferrer noopener\">Las personas bisexuales cuentan sus historias<\/a> en Stonewall para #BiWeek (2 minutos).\r\n\r\n<!-- \/wp:paragraph --> <!-- wp:paragraph -->\r\n\r\n<strong>Voces transg\u00e9nero:\r\n<\/strong>A los 63 a\u00f1os, Dee Westenhauser revel\u00f3 su identidad como mujer transg\u00e9nero. Recuerda su infancia en El Paso, Texas, en la d\u00e9cada de 1950, y a la \u00fanica persona que la hizo sentirse ella misma. Historia visual. <a href=\"https:\/\/www.youtube.com\/watch?v=VmepL1_X25s\" target=\"_blank\" rel=\"noreferrer noopener\">aqu\u00ed<\/a>; transcripci\u00f3n <a href=\"https:\/\/storycorps.org\/stories\/dee-westenhauser-and-martha-gonzalez-190405\/\" target=\"_blank\" rel=\"noreferrer noopener\">aqu\u00ed<\/a> (2:30 minutos).\r\n\r\n<!-- \/wp:paragraph --> <!-- wp:paragraph -->\r\n\r\nUna recopilaci\u00f3n de historias de mujeres trans de color, que a menudo han sido las primeras en defender la igualdad y las \u00faltimas en ser reconocidas por sus contribuciones. Podcast y transcripci\u00f3n. <a href=\"https:\/\/storycorps.org\/podcast\/were-still-here\/\" target=\"_blank\" rel=\"noreferrer noopener\">aqu\u00ed<\/a> (15 minutos).\r\n\r\n<!-- \/wp:paragraph --> <!-- wp:paragraph -->\r\n\r\n<strong>Voces queer:\r\n<\/strong>Kiyan Williams conversa con su amigo Darnell Moore sobre c\u00f3mo fue crecer sinti\u00e9ndose diferente a los dem\u00e1s ni\u00f1os y lidiar con las expectativas de su familia. Hoy en d\u00eda, Kiyan trabaja con j\u00f3venes LGBTQ en la ciudad de Nueva York. Podcast y transcripci\u00f3n. <a href=\"https:\/\/storycorps.org\/stories\/kiyan-williams-and-darnell-moore\/\" target=\"_blank\" rel=\"noreferrer noopener\">aqu\u00ed<\/a> (3 minutos).\r\n\r\n<!-- \/wp:paragraph --> <!-- wp:paragraph -->\r\n\r\n<strong>Voces intersexuales:\r\n<\/strong><a href=\"https:\/\/ilga.org\/intersex-steering-committee-Asia\" target=\"_blank\" rel=\"noreferrer noopener\">Excursionista Chiu<\/a> es un activista taiwan\u00e9s por los derechos intersexuales que inici\u00f3 la campa\u00f1a \u201cAbrazos gratuitos globales con intersexuales\u201d en el Desfile del Orgullo LGBT de Taip\u00e9i en 2010. Lea la historia de Hiker Chiu sobre c\u00f3mo <a href=\"https:\/\/sogicampaigns.org\/portfolio\/a-hug-a-day-keeps-hate-away-free-hugging-in-taiwan\/\" target=\"_blank\" rel=\"noreferrer noopener\">Un abrazo al d\u00eda aleja el odio<\/a> (4 minutos).\r\n\r\n<!-- \/wp:paragraph --> <!-- wp:paragraph -->\r\n\r\n<strong>Voces asexuales:\r\n<\/strong>Vea esta serie de entrevistas donde <a href=\"https:\/\/www.youtube.com\/watch?v=lMhix4nr_0g\" target=\"_blank\" rel=\"noreferrer noopener\">5 personas asexuales explican lo que significa para ustedes la asexualidad<\/a> (5 minutos).\r\n\r\n<!-- \/wp:paragraph --> <!-- wp:separator {\"opacity\":\"css\"} -->\r\n\r\n<hr class=\"wp-block-separator has-css-opacity\" \/>\r\n\r\n<!-- \/wp:separator -->","":null,"settings":""}},{"acf_fc_layout":"layout_group","_acfe_flexible_toggle":"","component_group":{"version":"3","header":{"":null,"show_arrows":false,"heading":"Today's Challenge","subheading":"","abstract":""},"columns":[{"image":"","title":"Lesbian Voices","abstract":"<ul>\r\n \t<li>Glenda Elliott grew up in Mayfield, Georgia during the 1940s. She met the love of her life \u2014 a woman named Lauree. Glenda sat down with her friend to tell the story of a lifelong romance that never had the chance to blossom. Visual story <a href=\"https:\/\/www.youtube.com\/watch?v=yXtqkXODzfg\" target=\"_blank\" rel=\"noopener\">here<\/a>; transcript <a href=\"https:\/\/storycorps.org\/stories\/angela-stowe-and-glenda-elliott-150918\/\" target=\"_blank\" rel=\"noopener\">here<\/a> (3 minutes).<\/li>\r\n<\/ul>","button":""},{"image":"","title":"Gay Voices","abstract":"<ul>\r\n \t<li>David Wilson and Robert Compton, one of the first same-sex couples to be married in the United States, reflect on their journey, nearly 15 years after their historic wedding. Podcast and transcript <a href=\"https:\/\/storycorps.org\/stories\/how-one-of-the-first-legally-married-same-sex-couples-in-the-us-made-it-down-the-aisle\/\" target=\"_blank\" rel=\"noopener\">here<\/a> (4 minutes).<\/li>\r\n<\/ul>","button":""},{"image":"","title":"Bisexual Voices","abstract":"<ul>\r\n \t<li>Watch a project from GLAAD where <a href=\"https:\/\/www.youtube.com\/watch?v=-3oz9sITFeg\" target=\"_blank\" rel=\"noopener\">bisexual people tell their stories<\/a> at Stonewall for #BiWeek (2 minutes).<\/li>\r\n<\/ul>","button":""},{"image":"","title":"Transgender Voices","abstract":"<ul>\r\n \t<li>At the age of 63, Dee Westenhauser came out as a transgender woman. She remembers growing up in El Paso, Texas in the 1950s and the one person who made her feel like herself. Visual story <a href=\"https:\/\/www.youtube.com\/watch?v=VmepL1_X25s\" target=\"_blank\" rel=\"noopener\">here<\/a>; transcript <a href=\"https:\/\/storycorps.org\/stories\/dee-westenhauser-and-martha-gonzalez-190405\/\" target=\"_blank\" rel=\"noopener\">here<\/a> (2:30 minutes).<\/li>\r\n \t<li>A collection of stories from trans women of color, who have often been the first to stand up for equality, and the last to be recognized for their contributions. Podcast and transcript <a href=\"https:\/\/storycorps.org\/podcast\/were-still-here\/\" target=\"_blank\" rel=\"noopener\">here<\/a> (15 minutes).<\/li>\r\n<\/ul>","button":""},{"image":"","title":"Queer Voices ","abstract":"<ul>\r\n \t<li>Kiyan Williams has a conversation with their friend Darnell Moore about growing up feeling different than other kids and grappling with his family\u2019s expectations. Today, Kiyan works with LGBTQ youth in New York City. Podcast and transcript <a href=\"https:\/\/storycorps.org\/stories\/kiyan-williams-and-darnell-moore\/\" target=\"_blank\" rel=\"noopener\">here<\/a> (3 minutes).<\/li>\r\n<\/ul>","button":""},{"image":"","title":"Intersex Voices","abstract":"<ul>\r\n \t<li><a href=\"https:\/\/ilga.org\/intersex-steering-committee-Asia\" target=\"_blank\" rel=\"noopener\">Hiker Chiu<\/a> is a Taiwanese intersex human rights activist who started the \u201cGlobal free hugs with intersex\u201d campaign at Taipei's LGBT Pride Parade in 2010. Read Hiker Chiu\u2019s story on how <a href=\"https:\/\/sogicampaigns.org\/portfolio\/a-hug-a-day-keeps-hate-away-free-hugging-in-taiwan\/\" target=\"_blank\" rel=\"noopener\">A Hug a Day Keeps Hate Away<\/a> (4 minutes).<\/li>\r\n<\/ul>","button":""},{"image":"","title":"Asexual Voices","abstract":"<ul>\r\n \t<li>Watch this interview series where <a href=\"https:\/\/www.youtube.com\/watch?v=lMhix4nr_0g\" target=\"_blank\" rel=\"noopener\">5 Asexual People Explain What Asexual Means to Them<\/a> (5 minutes).<\/li>\r\n<\/ul>","button":""},{"image":"","title":"Act","abstract":"<ul>\r\n \t<li>June is Pride Month! Check out this weekend's events for <a href=\"https:\/\/motorcitypride.org\/\" target=\"_blank\" rel=\"noopener\">Motor City Pride<\/a> and read about the history of the festival.<\/li>\r\n \t<li><a href=\"https:\/\/unitedwaydet.wpenginepowered.com\/community-stories\/community-stories-tanise-hill\/\" target=\"_blank\" rel=\"noopener\">Read this story<\/a> from United Way for Southeastern Michigan's own Tanise Hill.<\/li>\r\n \t<li>Share your story! If you feel empowered or compelled to share, please reach out to the United Way communications team and see how we uplift human stories from our communities. <a href=\"https:\/\/unitedwaydet.wpenginepowered.com\/about-us\/share-your-story\/\" target=\"_blank\" rel=\"noopener\">Reach us here<\/a>.<\/li>\r\n \t<li>Review the 2021 Equity Challenge Day on <a href=\"https:\/\/unitedwaydet.wpenginepowered.com\/equity_challenge\/day-18-equity-and-the-lgbtq-community\/\" target=\"_blank\" rel=\"noopener\">Equity and the LGBTQIA+ Community<\/a> to engage more with LGBTQIA+ history and the Black transgender women who lead the movement.<\/li>\r\n<\/ul>","button":""}]}},{"acf_fc_layout":"layout_wysiwyg","_acfe_flexible_toggle":"","component_wysiwyg":{"content":"<h3>Reflexione y comparta<\/h3>\r\n<ol>\r\n \t<li>Despu\u00e9s de conocer la historia de alguien de la comunidad LGBTQIA+, \u00bfqu\u00e9 es lo que m\u00e1s le impact\u00f3? \u00bfC\u00f3mo le hizo sentir esa historia?<\/li>\r\n \t<li>\u00bfC\u00f3mo ve usted que se manifiestan los privilegios y el poder en algunas de estas historias?<\/li>\r\n \t<li>Si tuviera que compartir una conclusi\u00f3n de las historias de hoy, \u00bfcu\u00e1l ser\u00eda? Le animamos a que comparta esa conclusi\u00f3n con un compa\u00f1ero de trabajo, un amigo o un familiar.<\/li>\r\n<\/ol>","":null,"settings":""}},{"acf_fc_layout":"layout_footer_promo","_acfe_flexible_toggle":"","component_footer_promo":{"title":"Hable con su c\u00edrculo social.","abstract":"Start the conversation. Send the tweet. Share your story. Make the Facebook post. Sharing what you learn and experience with your family, friends, and co-workers is the first step toward allyship. Join thousands in conversation by using hashtag #EquityChallenge or #TakeTheEC22.","buttons":null}}]},"yoast_head":"<!-- This site is optimized with the Yoast SEO plugin v26.8 - https:\/\/yoast.com\/product\/yoast-seo-wordpress\/ -->\n<title>Day 15: LBGTQIA+ Equity and the Power in Our Stories - United Way for Southeastern Michigan<\/title>\n<meta name=\"robots\" content=\"index, follow, max-snippet:-1, max-image-preview:large, max-video-preview:-1\" \/>\n<link rel=\"canonical\" href=\"https:\/\/unitedwaysem.org\/es\/equity-challenge-days\/2022-day-15\/\" \/>\n<meta property=\"og:locale\" content=\"es_MX\" \/>\n<meta property=\"og:type\" content=\"article\" \/>\n<meta property=\"og:title\" content=\"Day 15: LBGTQIA+ Equity and the Power in Our Stories - United Way for Southeastern Michigan\" \/>\n<meta property=\"og:url\" content=\"https:\/\/unitedwaysem.org\/es\/equity-challenge-days\/2022-day-15\/\" \/>\n<meta property=\"og:site_name\" content=\"United Way for Southeastern Michigan\" \/>\n<meta property=\"article:modified_time\" content=\"2025-04-17T15:46:31+00:00\" \/>\n<meta property=\"og:image\" content=\"https:\/\/unitedwaysem.org\/wp-content\/uploads\/2025\/01\/uwsem-share-image-v2.jpg\" \/>\n\t<meta property=\"og:image:width\" content=\"1200\" \/>\n\t<meta property=\"og:image:height\" content=\"630\" \/>\n\t<meta property=\"og:image:type\" content=\"image\/jpeg\" \/>\n<meta name=\"twitter:card\" content=\"summary_large_image\" \/>\n<script type=\"application\/ld+json\" class=\"yoast-schema-graph\">{\"@context\":\"https:\/\/schema.org\",\"@graph\":[{\"@type\":\"WebPage\",\"@id\":\"https:\/\/unitedwaysem.org\/equity-challenge-days\/2022-day-15\/\",\"url\":\"https:\/\/unitedwaysem.org\/equity-challenge-days\/2022-day-15\/\",\"name\":\"Day 15: LBGTQIA+ Equity and the Power in Our Stories - United Way for Southeastern Michigan\",\"isPartOf\":{\"@id\":\"https:\/\/unitedwaysem.org\/#website\"},\"datePublished\":\"2025-04-14T16:32:31+00:00\",\"dateModified\":\"2025-04-17T15:46:31+00:00\",\"breadcrumb\":{\"@id\":\"https:\/\/unitedwaysem.org\/equity-challenge-days\/2022-day-15\/#breadcrumb\"},\"inLanguage\":\"es\",\"potentialAction\":[{\"@type\":\"ReadAction\",\"target\":[\"https:\/\/unitedwaysem.org\/equity-challenge-days\/2022-day-15\/\"]}]},{\"@type\":\"BreadcrumbList\",\"@id\":\"https:\/\/unitedwaysem.org\/equity-challenge-days\/2022-day-15\/#breadcrumb\",\"itemListElement\":[{\"@type\":\"ListItem\",\"position\":1,\"name\":\"Home\",\"item\":\"https:\/\/unitedwaysem.org\/\"},{\"@type\":\"ListItem\",\"position\":2,\"name\":\"Day 15: LBGTQIA+ Equity and the Power in Our Stories\"}]},{\"@type\":\"WebSite\",\"@id\":\"https:\/\/unitedwaysem.org\/#website\",\"url\":\"https:\/\/unitedwaysem.org\/\",\"name\":\"United Way for Southeastern Michigan\",\"description\":\"\",\"publisher\":{\"@id\":\"https:\/\/unitedwaysem.org\/#organization\"},\"potentialAction\":[{\"@type\":\"SearchAction\",\"target\":{\"@type\":\"EntryPoint\",\"urlTemplate\":\"https:\/\/unitedwaysem.org\/?s={search_term_string}\"},\"query-input\":{\"@type\":\"PropertyValueSpecification\",\"valueRequired\":true,\"valueName\":\"search_term_string\"}}],\"inLanguage\":\"es\"},{\"@type\":\"Organization\",\"@id\":\"https:\/\/unitedwaysem.org\/#organization\",\"name\":\"United Way for Southeastern Michigan\",\"url\":\"https:\/\/unitedwaysem.org\/\",\"logo\":{\"@type\":\"ImageObject\",\"inLanguage\":\"es\",\"@id\":\"https:\/\/unitedwaysem.org\/#\/schema\/logo\/image\/\",\"url\":\"https:\/\/unitedwaysem.org\/wp-content\/uploads\/2024\/12\/uwsem-logo.png\",\"contentUrl\":\"https:\/\/unitedwaysem.org\/wp-content\/uploads\/2024\/12\/uwsem-logo.png\",\"width\":768,\"height\":768,\"caption\":\"United Way for Southeastern Michigan\"},\"image\":{\"@id\":\"https:\/\/unitedwaysem.org\/#\/schema\/logo\/image\/\"}}]}<\/script>\n<!-- \/ Yoast SEO plugin. -->","yoast_head_json":{"title":"D\u00eda 15: La equidad LGBTQIA+ y el poder de nuestras historias - United Way del sureste de M\u00edchigan","robots":{"index":"index","follow":"follow","max-snippet":"max-snippet:-1","max-image-preview":"max-image-preview:large","max-video-preview":"max-video-preview:-1"},"canonical":"https:\/\/unitedwaysem.org\/es\/equity-challenge-days\/2022-day-15\/","og_locale":"es_MX","og_type":"article","og_title":"Day 15: LBGTQIA+ Equity and the Power in Our Stories - United Way for Southeastern Michigan","og_url":"https:\/\/unitedwaysem.org\/es\/equity-challenge-days\/2022-day-15\/","og_site_name":"United Way for Southeastern Michigan","article_modified_time":"2025-04-17T15:46:31+00:00","og_image":[{"width":1200,"height":630,"url":"https:\/\/unitedwaysem.org\/wp-content\/uploads\/2025\/01\/uwsem-share-image-v2.jpg","type":"image\/jpeg"}],"twitter_card":"summary_large_image","schema":{"@context":"https:\/\/schema.org","@graph":[{"@type":"WebPage","@id":"https:\/\/unitedwaysem.org\/equity-challenge-days\/2022-day-15\/","url":"https:\/\/unitedwaysem.org\/equity-challenge-days\/2022-day-15\/","name":"D\u00eda 15: La equidad LGBTQIA+ y el poder de nuestras historias - United Way del sureste de M\u00edchigan","isPartOf":{"@id":"https:\/\/unitedwaysem.org\/#website"},"datePublished":"2025-04-14T16:32:31+00:00","dateModified":"2025-04-17T15:46:31+00:00","breadcrumb":{"@id":"https:\/\/unitedwaysem.org\/equity-challenge-days\/2022-day-15\/#breadcrumb"},"inLanguage":"es","potentialAction":[{"@type":"ReadAction","target":["https:\/\/unitedwaysem.org\/equity-challenge-days\/2022-day-15\/"]}]},{"@type":"BreadcrumbList","@id":"https:\/\/unitedwaysem.org\/equity-challenge-days\/2022-day-15\/#breadcrumb","itemListElement":[{"@type":"ListItem","position":1,"name":"Home","item":"https:\/\/unitedwaysem.org\/"},{"@type":"ListItem","position":2,"name":"Day 15: LBGTQIA+ Equity and the Power in Our Stories"}]},{"@type":"WebSite","@id":"https:\/\/unitedwaysem.org\/#website","url":"https:\/\/unitedwaysem.org\/","name":"United Way para el sureste de Michigan","description":"","publisher":{"@id":"https:\/\/unitedwaysem.org\/#organization"},"potentialAction":[{"@type":"SearchAction","target":{"@type":"EntryPoint","urlTemplate":"https:\/\/unitedwaysem.org\/?s={search_term_string}"},"query-input":{"@type":"PropertyValueSpecification","valueRequired":true,"valueName":"search_term_string"}}],"inLanguage":"es"},{"@type":"Organization","@id":"https:\/\/unitedwaysem.org\/#organization","name":"United Way para el sureste de Michigan","url":"https:\/\/unitedwaysem.org\/","logo":{"@type":"ImageObject","inLanguage":"es","@id":"https:\/\/unitedwaysem.org\/#\/schema\/logo\/image\/","url":"https:\/\/unitedwaysem.org\/wp-content\/uploads\/2024\/12\/uwsem-logo.png","contentUrl":"https:\/\/unitedwaysem.org\/wp-content\/uploads\/2024\/12\/uwsem-logo.png","width":768,"height":768,"caption":"United Way for Southeastern Michigan"},"image":{"@id":"https:\/\/unitedwaysem.org\/#\/schema\/logo\/image\/"}}]}},"_links":{"self":[{"href":"https:\/\/unitedwaysem.org\/es\/wp-json\/wp\/v2\/equity\/3380","targetHints":{"allow":["GET"]}}],"collection":[{"href":"https:\/\/unitedwaysem.org\/es\/wp-json\/wp\/v2\/equity"}],"about":[{"href":"https:\/\/unitedwaysem.org\/es\/wp-json\/wp\/v2\/types\/equity"}],"version-history":[{"count":0,"href":"https:\/\/unitedwaysem.org\/es\/wp-json\/wp\/v2\/equity\/3380\/revisions"}],"wp:attachment":[{"href":"https:\/\/unitedwaysem.org\/es\/wp-json\/wp\/v2\/media?parent=3380"}],"curies":[{"name":"wp","href":"https:\/\/api.w.org\/{rel}","templated":true}]}}